{"id":60,"date":"2023-10-28T17:00:25","date_gmt":"2023-10-28T17:00:25","guid":{"rendered":"https:\/\/heric2d.cies.iscte-iul.pt\/?page_id=60"},"modified":"2025-05-15T13:11:05","modified_gmt":"2025-05-15T13:11:05","slug":"home","status":"publish","type":"page","link":"https:\/\/heric2d.cies.iscte-iul.pt\/eng\/","title":{"rendered":"Home"},"content":{"rendered":"<div data-elementor-type=\"wp-page\" data-elementor-id=\"60\" class=\"elementor elementor-60\">\n\t\t\t\t\t\t\t<div class=\"elementor-element elementor-element-56a407e e-flex e-con-boxed e-con e-parent\" data-id=\"56a407e\" data-element_type=\"container\" id=\"home\" data-settings=\"{&quot;content_width&quot;:&quot;boxed&quot;}\" data-core-v316-plus=\"true\">\n\t\t\t\t\t<div class=\"e-con-inner\">\n\t\t\t\t<div class=\"elementor-element elementor-element-71bbbc8 elementor-widget elementor-widget-heading\" data-id=\"71bbbc8\" data-element_type=\"widget\" data-widget_type=\"heading.default\">\n\t\t\t\t<div class=\"elementor-widget-container\">\n\t\t\t<style>\/*! elementor - v3.17.0 - 08-11-2023 *\/\n.elementor-heading-title{padding:0;margin:0;line-height:1}.elementor-widget-heading .elementor-heading-title[class*=elementor-size-]>a{color:inherit;font-size:inherit;line-height:inherit}.elementor-widget-heading .elementor-heading-title.elementor-size-small{font-size:15px}.elementor-widget-heading .elementor-heading-title.elementor-size-medium{font-size:19px}.elementor-widget-heading .elementor-heading-title.elementor-size-large{font-size:29px}.elementor-widget-heading .elementor-heading-title.elementor-size-xl{font-size:39px}.elementor-widget-heading .elementor-heading-title.elementor-size-xxl{font-size:59px}<\/style><h1 class=\"elementor-heading-title elementor-size-default\">HERIC 2D<\/h1>\t\t<\/div>\n\t\t\t\t<\/div>\n\t\t\t\t<div class=\"elementor-element elementor-element-fe6df91 elementor-widget__width-initial elementor-widget elementor-widget-text-editor\" data-id=\"fe6df91\" data-element_type=\"widget\" data-widget_type=\"text-editor.default\">\n\t\t\t\t<div class=\"elementor-widget-container\">\n\t\t\t<style>\/*! elementor - v3.17.0 - 08-11-2023 *\/\n.elementor-widget-text-editor.elementor-drop-cap-view-stacked .elementor-drop-cap{background-color:#69727d;color:#fff}.elementor-widget-text-editor.elementor-drop-cap-view-framed .elementor-drop-cap{color:#69727d;border:3px solid;background-color:transparent}.elementor-widget-text-editor:not(.elementor-drop-cap-view-default) .elementor-drop-cap{margin-top:8px}.elementor-widget-text-editor:not(.elementor-drop-cap-view-default) .elementor-drop-cap-letter{width:1em;height:1em}.elementor-widget-text-editor .elementor-drop-cap{float:left;text-align:center;line-height:1;font-size:50px}.elementor-widget-text-editor .elementor-drop-cap-letter{display:inline-block}<\/style>\t\t\t\t<p>Health Risk Communication: Design and digital communication of official public health sources to guide citizens in pandemic situations<\/p>\t\t\t\t\t\t<\/div>\n\t\t\t\t<\/div>\n\t\t\t\t\t<\/div>\n\t\t\t\t<\/div>\n\t\t<div class=\"elementor-element elementor-element-a816f76 e-flex e-con-boxed e-con e-parent\" data-id=\"a816f76\" data-element_type=\"container\" data-settings=\"{&quot;content_width&quot;:&quot;boxed&quot;}\" data-core-v316-plus=\"true\">\n\t\t\t\t\t<div class=\"e-con-inner\">\n\t\t<div class=\"elementor-element elementor-element-48a2b16 e-con-full e-flex e-con e-child\" data-id=\"48a2b16\" data-element_type=\"container\" data-settings=\"{&quot;content_width&quot;:&quot;full&quot;}\">\n\t\t\t\t<div class=\"elementor-element elementor-element-8138833 elementor-widget__width-initial elementor-widget elementor-widget-image\" data-id=\"8138833\" data-element_type=\"widget\" data-widget_type=\"image.default\">\n\t\t\t\t<div class=\"elementor-widget-container\">\n\t\t\t<style>\/*! elementor - v3.17.0 - 08-11-2023 *\/\n.elementor-widget-image{text-align:center}.elementor-widget-image a{display:inline-block}.elementor-widget-image a img[src$=\".svg\"]{width:48px}.elementor-widget-image img{vertical-align:middle;display:inline-block}<\/style>\t\t\t\t\t\t\t\t\t\t\t\t<img fetchpriority=\"high\" decoding=\"async\" width=\"553\" height=\"196\" src=\"https:\/\/heric2d.cies.iscte-iul.pt\/wp-content\/uploads\/2024\/04\/2022_FCT_Logo_A_horizontal_preto_sz-1.png\" class=\"attachment-large size-large wp-image-2106\" alt=\"\" srcset=\"https:\/\/heric2d.cies.iscte-iul.pt\/wp-content\/uploads\/2024\/04\/2022_FCT_Logo_A_horizontal_preto_sz-1.png 553w, https:\/\/heric2d.cies.iscte-iul.pt\/wp-content\/uploads\/2024\/04\/2022_FCT_Logo_A_horizontal_preto_sz-1-300x106.png 300w, https:\/\/heric2d.cies.iscte-iul.pt\/wp-content\/uploads\/2024\/04\/2022_FCT_Logo_A_horizontal_preto_sz-1-18x6.png 18w\" sizes=\"(max-width: 553px) 100vw, 553px\" \/>\t\t\t\t\t\t\t\t\t\t\t\t\t\t\t<\/div>\n\t\t\t\t<\/div>\n\t\t\t\t<div class=\"elementor-element elementor-element-445dad1 elementor-widget__width-initial elementor-widget elementor-widget-image\" data-id=\"445dad1\" data-element_type=\"widget\" data-widget_type=\"image.default\">\n\t\t\t\t<div class=\"elementor-widget-container\">\n\t\t\t\t\t\t\t\t\t\t\t\t\t\t\t<img decoding=\"async\" width=\"813\" height=\"128\" src=\"https:\/\/heric2d.cies.iscte-iul.pt\/wp-content\/uploads\/2024\/04\/1024px-Logo_ISCTE_Instituto_Universitario_de_Lisboa-1.png\" class=\"attachment-large size-large wp-image-2108\" alt=\"\" srcset=\"https:\/\/heric2d.cies.iscte-iul.pt\/wp-content\/uploads\/2024\/04\/1024px-Logo_ISCTE_Instituto_Universitario_de_Lisboa-1.png 813w, https:\/\/heric2d.cies.iscte-iul.pt\/wp-content\/uploads\/2024\/04\/1024px-Logo_ISCTE_Instituto_Universitario_de_Lisboa-1-300x47.png 300w, https:\/\/heric2d.cies.iscte-iul.pt\/wp-content\/uploads\/2024\/04\/1024px-Logo_ISCTE_Instituto_Universitario_de_Lisboa-1-768x121.png 768w, https:\/\/heric2d.cies.iscte-iul.pt\/wp-content\/uploads\/2024\/04\/1024px-Logo_ISCTE_Instituto_Universitario_de_Lisboa-1-18x3.png 18w\" sizes=\"(max-width: 813px) 100vw, 813px\" \/>\t\t\t\t\t\t\t\t\t\t\t\t\t\t\t<\/div>\n\t\t\t\t<\/div>\n\t\t\t\t<div class=\"elementor-element elementor-element-3acd73f elementor-widget__width-initial elementor-widget elementor-widget-image\" data-id=\"3acd73f\" data-element_type=\"widget\" data-widget_type=\"image.default\">\n\t\t\t\t<div class=\"elementor-widget-container\">\n\t\t\t\t\t\t\t\t\t\t\t\t\t\t\t<img decoding=\"async\" width=\"757\" height=\"168\" src=\"https:\/\/heric2d.cies.iscte-iul.pt\/wp-content\/uploads\/2024\/04\/ed65c8cb-8d1f-45eb-826f-6f70f98e2297-1.png\" class=\"attachment-large size-large wp-image-2107\" alt=\"\" srcset=\"https:\/\/heric2d.cies.iscte-iul.pt\/wp-content\/uploads\/2024\/04\/ed65c8cb-8d1f-45eb-826f-6f70f98e2297-1.png 757w, https:\/\/heric2d.cies.iscte-iul.pt\/wp-content\/uploads\/2024\/04\/ed65c8cb-8d1f-45eb-826f-6f70f98e2297-1-300x67.png 300w, https:\/\/heric2d.cies.iscte-iul.pt\/wp-content\/uploads\/2024\/04\/ed65c8cb-8d1f-45eb-826f-6f70f98e2297-1-18x4.png 18w\" sizes=\"(max-width: 757px) 100vw, 757px\" \/>\t\t\t\t\t\t\t\t\t\t\t\t\t\t\t<\/div>\n\t\t\t\t<\/div>\n\t\t\t\t<\/div>\n\t\t\t\t<div class=\"elementor-element elementor-element-4e37fc9 elementor-widget__width-initial elementor-widget elementor-widget-text-editor\" data-id=\"4e37fc9\" data-element_type=\"widget\" data-widget_type=\"text-editor.default\">\n\t\t\t\t<div class=\"elementor-widget-container\">\n\t\t\t\t\t\t\t<p>This project is funded by the Foundation for Science and Technology (FCT) under reference number 2022.06008.PTDC.<\/p>\t\t\t\t\t\t<\/div>\n\t\t\t\t<\/div>\n\t\t\t\t\t<\/div>\n\t\t\t\t<\/div>\n\t\t<div class=\"elementor-element elementor-element-474a2f5 e-flex e-con-boxed e-con e-parent\" data-id=\"474a2f5\" data-element_type=\"container\" id=\"projeto\" data-settings=\"{&quot;content_width&quot;:&quot;boxed&quot;}\" data-core-v316-plus=\"true\">\n\t\t\t\t\t<div class=\"e-con-inner\">\n\t\t\t\t\t<\/div>\n\t\t\t\t<\/div>\n\t\t<div class=\"elementor-element elementor-element-589d125 e-flex e-con-boxed e-con e-parent\" data-id=\"589d125\" data-element_type=\"container\" data-settings=\"{&quot;content_width&quot;:&quot;boxed&quot;}\" data-core-v316-plus=\"true\">\n\t\t\t\t\t<div class=\"e-con-inner\">\n\t\t<div class=\"elementor-element elementor-element-ff912bc e-flex e-con-boxed e-con e-child\" data-id=\"ff912bc\" data-element_type=\"container\" data-settings=\"{&quot;content_width&quot;:&quot;boxed&quot;}\">\n\t\t\t\t\t<div class=\"e-con-inner\">\n\t\t\t\t<div class=\"elementor-element elementor-element-41ddf7f elementor-widget__width-initial elementor-widget elementor-widget-heading\" data-id=\"41ddf7f\" data-element_type=\"widget\" data-widget_type=\"heading.default\">\n\t\t\t\t<div class=\"elementor-widget-container\">\n\t\t\t<h2 class=\"elementor-heading-title elementor-size-default\">The Project<\/h2>\t\t<\/div>\n\t\t\t\t<\/div>\n\t\t<div class=\"elementor-element elementor-element-67e9434 e-flex e-con-boxed e-con e-child\" data-id=\"67e9434\" data-element_type=\"container\" data-settings=\"{&quot;content_width&quot;:&quot;boxed&quot;}\">\n\t\t\t\t\t<div class=\"e-con-inner\">\n\t\t\t\t<div class=\"elementor-element elementor-element-ecda8fa elementor-widget__width-initial elementor-widget elementor-widget-text-editor\" data-id=\"ecda8fa\" data-element_type=\"widget\" data-widget_type=\"text-editor.default\">\n\t\t\t\t<div class=\"elementor-widget-container\">\n\t\t\t\t\t\t\t<p>This project's main objective is to improve the risk communication in Health in situations of pandemic, by official public health institutions of the Portuguese Government and State. For this, an evaluation of the design and digital communication of the different online platforms (website and\/or apps) related to the COVID-19 pandemic created by official Public Health institutions to communicate and interact with citizens, will be developed. The selection of communication sciences as the scientific area and Information Sciences (social aspects) as sub-area resulted from the intersection between the research theme (risk communication) and scope (public and social issues), the research strategies chosen to pursuit the objectives and the multidisciplinary research team we have gathered, composed by researchers from complementary areas of study, such as Communication Sciences, Sociology and Design.<\/p>\t\t\t\t\t\t<\/div>\n\t\t\t\t<\/div>\n\t\t\t\t\t<\/div>\n\t\t\t\t<\/div>\n\t\t\t\t\t<\/div>\n\t\t\t\t<\/div>\n\t\t\t\t\t<\/div>\n\t\t\t\t<\/div>\n\t\t<div class=\"elementor-element elementor-element-2a3ada7 e-flex e-con-boxed e-con e-parent\" data-id=\"2a3ada7\" data-element_type=\"container\" id=\"objetivos\" data-settings=\"{&quot;content_width&quot;:&quot;boxed&quot;}\" data-core-v316-plus=\"true\">\n\t\t\t\t\t<div class=\"e-con-inner\">\n\t\t\t\t\t<\/div>\n\t\t\t\t<\/div>\n\t\t<div class=\"elementor-element elementor-element-6018e6e e-flex e-con-boxed e-con e-parent\" data-id=\"6018e6e\" data-element_type=\"container\" data-settings=\"{&quot;content_width&quot;:&quot;boxed&quot;}\" data-core-v316-plus=\"true\">\n\t\t\t\t\t<div class=\"e-con-inner\">\n\t\t<div class=\"elementor-element elementor-element-02c5954 e-flex e-con-boxed e-con e-child\" data-id=\"02c5954\" data-element_type=\"container\" data-settings=\"{&quot;content_width&quot;:&quot;boxed&quot;}\">\n\t\t\t\t\t<div class=\"e-con-inner\">\n\t\t\t\t<div class=\"elementor-element elementor-element-c8ddcbd elementor-widget__width-initial elementor-widget elementor-widget-heading\" data-id=\"c8ddcbd\" data-element_type=\"widget\" data-widget_type=\"heading.default\">\n\t\t\t\t<div class=\"elementor-widget-container\">\n\t\t\t<h2 class=\"elementor-heading-title elementor-size-default\">Objectives<\/h2>\t\t<\/div>\n\t\t\t\t<\/div>\n\t\t<div class=\"elementor-element elementor-element-2e1d69d e-flex e-con-boxed e-con e-child\" data-id=\"2e1d69d\" data-element_type=\"container\" data-settings=\"{&quot;content_width&quot;:&quot;boxed&quot;}\">\n\t\t\t\t\t<div class=\"e-con-inner\">\n\t\t\t\t<div class=\"elementor-element elementor-element-1b05ff9 elementor-widget__width-initial elementor-widget elementor-widget-text-editor\" data-id=\"1b05ff9\" data-element_type=\"widget\" data-widget_type=\"text-editor.default\">\n\t\t\t\t<div class=\"elementor-widget-container\">\n\t\t\t\t\t\t\t<p>The starting point of this project is finding, through available data and literature, that health information available online is fundamental for the promotion of well-being, more specifically, in public health risk information.<\/p><p>How this communication and its dissemination was carried out, and whether its objectives were achieved, or not, (e.g.: the implementation of effective health risk communication), are some of the issues that this project is set out to identify, and, also, propose possible solutions. By crossing quantitative and qualitative methodologies, the proposed methodological strategy allows, on one hand, the assessment of the practical results of the communication of health risk carried out by the responsible entities of the health sector in Portugal. On the other hand, it allows us to perceive effectively if this communication had effects, if it was useful, if the citizens' perception is, or not, equivalent to the objectives of the communication carried out.<\/p>\t\t\t\t\t\t<\/div>\n\t\t\t\t<\/div>\n\t\t\t\t<div class=\"elementor-element elementor-element-d5bf09c elementor-widget__width-initial elementor-widget elementor-widget-text-editor\" data-id=\"d5bf09c\" data-element_type=\"widget\" data-widget_type=\"text-editor.default\">\n\t\t\t\t<div class=\"elementor-widget-container\">\n\t\t\t\t\t\t\t<p>Moreover, the integration of interviews with public health professionals also allows the intersection of expert knowledge with the need to communicate with non-expert citizens, which are also the main target group of risk communication in public health. This study proposes, in an approach through the perspective of Communication Sciences, Sociology and Design, a complete assessment of the impact and level of efficiency that these platforms had on their target audience, the citizens.<\/p><p>In addition to this assessment, a set of recommendations will be proposed for future improvement, through a compilation of guidelines (or Guidebook for Good Health Practices), and the scientific results obtained will become available in an accessible language for citizens and for the national entities in Public Health sector, in order to prevent future situations.<\/p>\t\t\t\t\t\t<\/div>\n\t\t\t\t<\/div>\n\t\t\t\t\t<\/div>\n\t\t\t\t<\/div>\n\t\t\t\t\t<\/div>\n\t\t\t\t<\/div>\n\t\t\t\t\t<\/div>\n\t\t\t\t<\/div>\n\t\t<div class=\"elementor-element elementor-element-8e7a369 e-flex e-con-boxed e-con e-parent\" data-id=\"8e7a369\" data-element_type=\"container\" data-settings=\"{&quot;content_width&quot;:&quot;boxed&quot;}\" data-core-v316-plus=\"true\">\n\t\t\t\t\t<div class=\"e-con-inner\">\n\t\t\t\t\t<\/div>\n\t\t\t\t<\/div>\n\t\t<div class=\"elementor-element elementor-element-58ee194 e-flex e-con-boxed e-con e-parent\" data-id=\"58ee194\" data-element_type=\"container\" data-settings=\"{&quot;content_width&quot;:&quot;boxed&quot;}\" data-core-v316-plus=\"true\">\n\t\t\t\t\t<div class=\"e-con-inner\">\n\t\t<div class=\"elementor-element elementor-element-89d3428 e-flex e-con-boxed e-con e-child\" data-id=\"89d3428\" data-element_type=\"container\" data-settings=\"{&quot;content_width&quot;:&quot;boxed&quot;}\">\n\t\t\t\t\t<div class=\"e-con-inner\">\n\t\t<div class=\"elementor-element elementor-element-8b06406 e-flex e-con-boxed e-con e-child\" data-id=\"8b06406\" data-element_type=\"container\" data-settings=\"{&quot;content_width&quot;:&quot;boxed&quot;}\">\n\t\t\t\t\t<div class=\"e-con-inner\">\n\t\t\t\t<div class=\"elementor-element elementor-element-2d48cfa elementor-widget elementor-widget-video\" data-id=\"2d48cfa\" data-element_type=\"widget\" data-settings=\"{&quot;youtube_url&quot;:&quot;https:\\\/\\\/www.youtube.com\\\/watch?v=3zKBz-Agaso&quot;,&quot;video_type&quot;:&quot;youtube&quot;,&quot;controls&quot;:&quot;yes&quot;}\" data-widget_type=\"video.default\">\n\t\t\t\t<div class=\"elementor-widget-container\">\n\t\t\t<style>\/*! elementor - v3.17.0 - 08-11-2023 *\/\n.elementor-widget-video .elementor-widget-container{overflow:hidden;transform:translateZ(0)}.elementor-widget-video .elementor-wrapper{aspect-ratio:var(--video-aspect-ratio)}.elementor-widget-video .elementor-wrapper iframe,.elementor-widget-video .elementor-wrapper video{height:100%;width:100%;display:flex;border:none;background-color:#000}@supports not (aspect-ratio:1\/1){.elementor-widget-video .elementor-wrapper{position:relative;overflow:hidden;height:0;padding-bottom:calc(100% \/ var(--video-aspect-ratio))}.elementor-widget-video .elementor-wrapper iframe,.elementor-widget-video .elementor-wrapper video{position:absolute;top:0;right:0;bottom:0;left:0}}.elementor-widget-video .elementor-open-inline .elementor-custom-embed-image-overlay{position:absolute;top:0;right:0;bottom:0;left:0;background-size:cover;background-position:50%}.elementor-widget-video .elementor-custom-embed-image-overlay{cursor:pointer;text-align:center}.elementor-widget-video .elementor-custom-embed-image-overlay:hover .elementor-custom-embed-play i{opacity:1}.elementor-widget-video .elementor-custom-embed-image-overlay img{display:block;width:100%;aspect-ratio:var(--video-aspect-ratio);-o-object-fit:cover;object-fit:cover;-o-object-position:center center;object-position:center center}@supports not (aspect-ratio:1\/1){.elementor-widget-video .elementor-custom-embed-image-overlay{position:relative;overflow:hidden;height:0;padding-bottom:calc(100% \/ var(--video-aspect-ratio))}.elementor-widget-video .elementor-custom-embed-image-overlay img{position:absolute;top:0;right:0;bottom:0;left:0}}.elementor-widget-video .e-hosted-video .elementor-video{-o-object-fit:cover;object-fit:cover}.e-con-inner>.elementor-widget-video,.e-con>.elementor-widget-video{width:var(--container-widget-width);--flex-grow:var(--container-widget-flex-grow)}<\/style>\t\t<div class=\"elementor-wrapper elementor-open-inline\">\n\t\t\t<div class=\"elementor-video\"><\/div>\t\t<\/div>\n\t\t\t\t<\/div>\n\t\t\t\t<\/div>\n\t\t\t\t\t<\/div>\n\t\t\t\t<\/div>\n\t\t\t\t\t<\/div>\n\t\t\t\t<\/div>\n\t\t\t\t\t<\/div>\n\t\t\t\t<\/div>\n\t\t<div class=\"elementor-element elementor-element-6e4fec8 e-flex e-con-boxed e-con e-parent\" data-id=\"6e4fec8\" data-element_type=\"container\" id=\"guia\" data-settings=\"{&quot;content_width&quot;:&quot;boxed&quot;}\" data-core-v316-plus=\"true\">\n\t\t\t\t\t<div class=\"e-con-inner\">\n\t\t\t\t\t<\/div>\n\t\t\t\t<\/div>\n\t\t<div class=\"elementor-element elementor-element-285bb93 e-flex e-con-boxed e-con e-parent\" data-id=\"285bb93\" data-element_type=\"container\" data-settings=\"{&quot;content_width&quot;:&quot;boxed&quot;}\" data-core-v316-plus=\"true\">\n\t\t\t\t\t<div class=\"e-con-inner\">\n\t\t<div class=\"elementor-element elementor-element-2da2bbf e-flex e-con-boxed e-con e-child\" data-id=\"2da2bbf\" data-element_type=\"container\" data-settings=\"{&quot;content_width&quot;:&quot;boxed&quot;}\">\n\t\t\t\t\t<div class=\"e-con-inner\">\n\t\t\t\t<div class=\"elementor-element elementor-element-fc751a3 elementor-widget__width-initial elementor-widget elementor-widget-heading\" data-id=\"fc751a3\" data-element_type=\"widget\" data-widget_type=\"heading.default\">\n\t\t\t\t<div class=\"elementor-widget-container\">\n\t\t\t<h2 class=\"elementor-heading-title elementor-size-default\">Guide to Good Practices<\/h2>\t\t<\/div>\n\t\t\t\t<\/div>\n\t\t<div class=\"elementor-element elementor-element-cbdc32c e-flex e-con-boxed e-con e-child\" data-id=\"cbdc32c\" data-element_type=\"container\" data-settings=\"{&quot;content_width&quot;:&quot;boxed&quot;}\">\n\t\t\t\t\t<div class=\"e-con-inner\">\n\t\t\t\t<div class=\"elementor-element elementor-element-0d1164f elementor-widget elementor-widget-image\" data-id=\"0d1164f\" data-element_type=\"widget\" data-widget_type=\"image.default\">\n\t\t\t\t<div class=\"elementor-widget-container\">\n\t\t\t\t\t\t\t\t\t\t\t\t\t\t\t\t<a href=\"https:\/\/heric2d.cies.iscte-iul.pt\/wp-content\/uploads\/2025\/01\/Guia-BP_Heric2.pdf\" target=\"_blank\">\n\t\t\t\t\t\t\t<img loading=\"lazy\" decoding=\"async\" width=\"768\" height=\"533\" src=\"https:\/\/heric2d.cies.iscte-iul.pt\/wp-content\/uploads\/2025\/01\/Guia-BP_Heric2_CAPA-768x533.png\" class=\"attachment-medium_large size-medium_large wp-image-2526\" alt=\"\" srcset=\"https:\/\/heric2d.cies.iscte-iul.pt\/wp-content\/uploads\/2025\/01\/Guia-BP_Heric2_CAPA-768x533.png 768w, https:\/\/heric2d.cies.iscte-iul.pt\/wp-content\/uploads\/2025\/01\/Guia-BP_Heric2_CAPA-300x208.png 300w, https:\/\/heric2d.cies.iscte-iul.pt\/wp-content\/uploads\/2025\/01\/Guia-BP_Heric2_CAPA-1024x710.png 1024w, https:\/\/heric2d.cies.iscte-iul.pt\/wp-content\/uploads\/2025\/01\/Guia-BP_Heric2_CAPA-18x12.png 18w, https:\/\/heric2d.cies.iscte-iul.pt\/wp-content\/uploads\/2025\/01\/Guia-BP_Heric2_CAPA.png 1280w\" sizes=\"(max-width: 768px) 100vw, 768px\" \/>\t\t\t\t\t\t\t\t<\/a>\n\t\t\t\t\t\t\t\t\t\t\t\t\t\t\t<\/div>\n\t\t\t\t<\/div>\n\t\t\t\t\t<\/div>\n\t\t\t\t<\/div>\n\t\t<div class=\"elementor-element elementor-element-75eaac4 e-flex e-con-boxed e-con e-child\" data-id=\"75eaac4\" data-element_type=\"container\" data-settings=\"{&quot;content_width&quot;:&quot;boxed&quot;}\">\n\t\t\t\t\t<div class=\"e-con-inner\">\n\t\t\t\t<div class=\"elementor-element elementor-element-3579bff elementor-widget__width-auto elementor-widget elementor-widget-button\" data-id=\"3579bff\" data-element_type=\"widget\" data-widget_type=\"button.default\">\n\t\t\t\t<div class=\"elementor-widget-container\">\n\t\t\t\t\t<div class=\"elementor-button-wrapper\">\n\t\t\t<a class=\"elementor-button elementor-button-link elementor-size-lg\" href=\"https:\/\/heric2d.cies.iscte-iul.pt\/wp-content\/uploads\/2025\/01\/Guia-BP_Heric2.pdf\" target=\"_blank\">\n\t\t\t\t\t\t<span class=\"elementor-button-content-wrapper\">\n\t\t\t\t\t\t<span class=\"elementor-button-icon elementor-align-icon-right\">\n\t\t\t\t<i aria-hidden=\"true\" class=\"fas fa-file-download\"><\/i>\t\t\t<\/span>\n\t\t\t\t\t\t<span class=\"elementor-button-text\">DOWNLOAD PDF<\/span>\n\t\t<\/span>\n\t\t\t\t\t<\/a>\n\t\t<\/div>\n\t\t\t\t<\/div>\n\t\t\t\t<\/div>\n\t\t\t\t\t<\/div>\n\t\t\t\t<\/div>\n\t\t\t\t\t<\/div>\n\t\t\t\t<\/div>\n\t\t\t\t\t<\/div>\n\t\t\t\t<\/div>\n\t\t<div class=\"elementor-element elementor-element-de0fa7c e-flex e-con-boxed e-con e-parent\" data-id=\"de0fa7c\" data-element_type=\"container\" id=\"equipa\" data-settings=\"{&quot;content_width&quot;:&quot;boxed&quot;}\" data-core-v316-plus=\"true\">\n\t\t\t\t\t<div class=\"e-con-inner\">\n\t\t\t\t\t<\/div>\n\t\t\t\t<\/div>\n\t\t<div class=\"elementor-element elementor-element-0ff0353 e-flex e-con-boxed e-con e-parent\" data-id=\"0ff0353\" data-element_type=\"container\" data-settings=\"{&quot;content_width&quot;:&quot;boxed&quot;}\" data-core-v316-plus=\"true\">\n\t\t\t\t\t<div class=\"e-con-inner\">\n\t\t<div class=\"elementor-element elementor-element-6fa5818 e-flex e-con-boxed e-con e-child\" data-id=\"6fa5818\" data-element_type=\"container\" data-settings=\"{&quot;content_width&quot;:&quot;boxed&quot;}\">\n\t\t\t\t\t<div class=\"e-con-inner\">\n\t\t\t\t<div class=\"elementor-element elementor-element-ff437e0 elementor-widget__width-initial elementor-widget elementor-widget-heading\" data-id=\"ff437e0\" data-element_type=\"widget\" data-widget_type=\"heading.default\">\n\t\t\t\t<div class=\"elementor-widget-container\">\n\t\t\t<h2 class=\"elementor-heading-title elementor-size-default\">Team<\/h2>\t\t<\/div>\n\t\t\t\t<\/div>\n\t\t\t\t\t<\/div>\n\t\t\t\t<\/div>\n\t\t<div class=\"elementor-element elementor-element-4f31de7 e-flex e-con-boxed e-con e-child\" data-id=\"4f31de7\" data-element_type=\"container\" data-settings=\"{&quot;content_width&quot;:&quot;boxed&quot;}\">\n\t\t\t\t\t<div class=\"e-con-inner\">\n\t\t\t\t<div class=\"elementor-element elementor-element-b39a237 elementor-widget__width-initial elementor-widget elementor-widget-image\" data-id=\"b39a237\" data-element_type=\"widget\" data-widget_type=\"image.default\">\n\t\t\t\t<div class=\"elementor-widget-container\">\n\t\t\t\t\t\t\t\t\t\t\t\t\t\t\t<img loading=\"lazy\" decoding=\"async\" width=\"596\" height=\"596\" src=\"https:\/\/heric2d.cies.iscte-iul.pt\/wp-content\/uploads\/2024\/04\/Rita-Espanha.png\" class=\"attachment-medium_large size-medium_large wp-image-1958\" alt=\"\" srcset=\"https:\/\/heric2d.cies.iscte-iul.pt\/wp-content\/uploads\/2024\/04\/Rita-Espanha.png 596w, https:\/\/heric2d.cies.iscte-iul.pt\/wp-content\/uploads\/2024\/04\/Rita-Espanha-300x300.png 300w, https:\/\/heric2d.cies.iscte-iul.pt\/wp-content\/uploads\/2024\/04\/Rita-Espanha-150x150.png 150w, https:\/\/heric2d.cies.iscte-iul.pt\/wp-content\/uploads\/2024\/04\/Rita-Espanha-12x12.png 12w\" sizes=\"(max-width: 596px) 100vw, 596px\" \/>\t\t\t\t\t\t\t\t\t\t\t\t\t\t\t<\/div>\n\t\t\t\t<\/div>\n\t\t<div class=\"elementor-element elementor-element-39d4398 e-flex e-con-boxed e-con e-child\" data-id=\"39d4398\" data-element_type=\"container\" data-settings=\"{&quot;content_width&quot;:&quot;boxed&quot;}\">\n\t\t\t\t\t<div class=\"e-con-inner\">\n\t\t\t\t<div class=\"elementor-element elementor-element-2b2c114 elementor-widget elementor-widget-heading\" data-id=\"2b2c114\" data-element_type=\"widget\" data-widget_type=\"heading.default\">\n\t\t\t\t<div class=\"elementor-widget-container\">\n\t\t\t<h2 class=\"elementor-heading-title elementor-size-default\">Rita Espanha<\/h2>\t\t<\/div>\n\t\t\t\t<\/div>\n\t\t\t\t<div class=\"elementor-element elementor-element-3152384 elementor-widget elementor-widget-heading\" data-id=\"3152384\" data-element_type=\"widget\" data-widget_type=\"heading.default\">\n\t\t\t\t<div class=\"elementor-widget-container\">\n\t\t\t<h2 class=\"elementor-heading-title elementor-size-default\">Lead Researcher<\/h2>\t\t<\/div>\n\t\t\t\t<\/div>\n\t\t\t\t<div class=\"elementor-element elementor-element-ed2379e elementor-widget elementor-widget-heading\" data-id=\"ed2379e\" data-element_type=\"widget\" data-widget_type=\"heading.default\">\n\t\t\t\t<div class=\"elementor-widget-container\">\n\t\t\t<h2 class=\"elementor-heading-title elementor-size-default\">CIES-Iscte<\/h2>\t\t<\/div>\n\t\t\t\t<\/div>\n\t\t\t\t<div class=\"elementor-element elementor-element-c15e6e3 elementor-widget elementor-widget-heading\" data-id=\"c15e6e3\" data-element_type=\"widget\" data-widget_type=\"heading.default\">\n\t\t\t\t<div class=\"elementor-widget-container\">\n\t\t\t<h2 class=\"elementor-heading-title elementor-size-default\"><a href=\"https:\/\/orcid.org\/0000-0002-6015-3215\" target=\"_blank\">https:\/\/orcid.org\/0000-0002-6015-3215<\/a><\/h2>\t\t<\/div>\n\t\t\t\t<\/div>\n\t\t\t\t<div class=\"elementor-element elementor-element-40a966d elementor-widget elementor-widget-text-editor\" data-id=\"40a966d\" data-element_type=\"widget\" data-widget_type=\"text-editor.default\">\n\t\t\t\t<div class=\"elementor-widget-container\">\n\t\t\t\t\t\t\t<p>Associate Professor with Aggregation at Iscte-Instituto Universit\u00e1rio de Lisboa. Director of the Master's Degree in Communication, Culture and Information Technologies and Deputy Director of the Department of Sociology. Researcher at CIES-Iscte, she is currently carrying out research in the areas of \u201cCommunication, Information Technology and Health\u201d, \u201cHealth Literacy\u201d, \u201cGenerations and Communication Technology\u201d. Member of Iscte's Health Mission Team. ERASMUS Coordinator in the Department of Sociology. She is Associated Editor of Observat\u00f3rio magazine (OBS*- http:\/\/obs.obercom.pt\/index.php\/obs), a member of the Scientific Committee of Edicciones-InCom-UAB and of the Editorial Committee of Revista de Comunicaci\u00f3n y Salud (<a href=\"http:\/\/www.revistadecomunicacionysalud.org\" target=\"_blank\" rel=\"noopener\">www.revistadecomunicacionysalud.org)<\/a>. She is the author of several books and articles in the areas of Health and Communication, Network Communication and Youth and Media in Portugal.<\/p>\t\t\t\t\t\t<\/div>\n\t\t\t\t<\/div>\n\t\t\t\t\t<\/div>\n\t\t\t\t<\/div>\n\t\t\t\t\t<\/div>\n\t\t\t\t<\/div>\n\t\t<div class=\"elementor-element elementor-element-b27693c e-flex e-con-boxed e-con e-child\" data-id=\"b27693c\" data-element_type=\"container\" data-settings=\"{&quot;content_width&quot;:&quot;boxed&quot;}\">\n\t\t\t\t\t<div class=\"e-con-inner\">\n\t\t\t\t<div class=\"elementor-element elementor-element-ba309dc elementor-widget__width-initial elementor-widget elementor-widget-image\" data-id=\"ba309dc\" data-element_type=\"widget\" data-widget_type=\"image.default\">\n\t\t\t\t<div class=\"elementor-widget-container\">\n\t\t\t\t\t\t\t\t\t\t\t\t\t\t\t<img loading=\"lazy\" decoding=\"async\" width=\"596\" height=\"596\" src=\"https:\/\/heric2d.cies.iscte-iul.pt\/wp-content\/uploads\/2024\/03\/N_M.png\" class=\"attachment-medium_large size-medium_large wp-image-1811\" alt=\"\" srcset=\"https:\/\/heric2d.cies.iscte-iul.pt\/wp-content\/uploads\/2024\/03\/N_M.png 596w, https:\/\/heric2d.cies.iscte-iul.pt\/wp-content\/uploads\/2024\/03\/N_M-300x300.png 300w, https:\/\/heric2d.cies.iscte-iul.pt\/wp-content\/uploads\/2024\/03\/N_M-150x150.png 150w\" sizes=\"(max-width: 596px) 100vw, 596px\" \/>\t\t\t\t\t\t\t\t\t\t\t\t\t\t\t<\/div>\n\t\t\t\t<\/div>\n\t\t<div class=\"elementor-element elementor-element-b0631f7 e-flex e-con-boxed e-con e-child\" data-id=\"b0631f7\" data-element_type=\"container\" data-settings=\"{&quot;content_width&quot;:&quot;boxed&quot;}\">\n\t\t\t\t\t<div class=\"e-con-inner\">\n\t\t\t\t<div class=\"elementor-element elementor-element-12eb443 elementor-widget-mobile__width-initial elementor-widget elementor-widget-heading\" data-id=\"12eb443\" data-element_type=\"widget\" data-widget_type=\"heading.default\">\n\t\t\t\t<div class=\"elementor-widget-container\">\n\t\t\t<h2 class=\"elementor-heading-title elementor-size-default\">Nuno Martins<\/h2>\t\t<\/div>\n\t\t\t\t<\/div>\n\t\t\t\t<div class=\"elementor-element elementor-element-aa05b41 elementor-widget elementor-widget-heading\" data-id=\"aa05b41\" data-element_type=\"widget\" data-widget_type=\"heading.default\">\n\t\t\t\t<div class=\"elementor-widget-container\">\n\t\t\t<h2 class=\"elementor-heading-title elementor-size-default\">Co-principal Investigator<\/h2>\t\t<\/div>\n\t\t\t\t<\/div>\n\t\t\t\t<div class=\"elementor-element elementor-element-b8a3f80 elementor-widget elementor-widget-heading\" data-id=\"b8a3f80\" data-element_type=\"widget\" data-widget_type=\"heading.default\">\n\t\t\t\t<div class=\"elementor-widget-container\">\n\t\t\t<h2 class=\"elementor-heading-title elementor-size-default\">Institute of Research in Design, Media, and Culture (ID+)<\/h2>\t\t<\/div>\n\t\t\t\t<\/div>\n\t\t\t\t<div class=\"elementor-element elementor-element-83458b2 elementor-widget elementor-widget-heading\" data-id=\"83458b2\" data-element_type=\"widget\" data-widget_type=\"heading.default\">\n\t\t\t\t<div class=\"elementor-widget-container\">\n\t\t\t<h2 class=\"elementor-heading-title elementor-size-default\"><a href=\"https:\/\/orcid.org\/0000-0002-5228-5453\" target=\"_blank\">https:\/\/orcid.org\/0000-0002-5228-5453<\/a><\/h2>\t\t<\/div>\n\t\t\t\t<\/div>\n\t\t\t\t<div class=\"elementor-element elementor-element-ffd7f98 elementor-widget elementor-widget-text-editor\" data-id=\"ffd7f98\" data-element_type=\"widget\" data-widget_type=\"text-editor.default\">\n\t\t\t\t<div class=\"elementor-widget-container\">\n\t\t\t\t\t\t\tNuno Martins holds a PhD in Digital Media at the University of Porto, as a doctoral fellow of the UT Austin-Portugal Program of the Foundation for Science and Technology. In 2020 he completed a post-doctoral degree in Design. He also holds a MA in Multimedia Art and a BA in Communication Design at the Faculty of Fine Arts of the University of Porto.<br>He is a Coordinating Professor of Communication Design at the School of Design of the Polytechnic University of C\u00e1vado and Ave and Director of the MA in Digital Design. <br>He is an Integrated Researcher of the Research Institute for Design, Media and Culture (ID+), focusing on the areas of Digital Media Design, Communication Design, Brand Identity, and Interface Design. At ID+ he is co-coordinator of the Territories and Communities research group (T+C) and Coordinator of the Identity, Community, and Intervention Design Laboratory (DICI).\t\t\t\t\t\t<\/div>\n\t\t\t\t<\/div>\n\t\t\t\t\t<\/div>\n\t\t\t\t<\/div>\n\t\t\t\t\t<\/div>\n\t\t\t\t<\/div>\n\t\t<div class=\"elementor-element elementor-element-f45112b e-flex e-con-boxed e-con e-child\" data-id=\"f45112b\" data-element_type=\"container\" data-settings=\"{&quot;content_width&quot;:&quot;boxed&quot;}\">\n\t\t\t\t\t<div class=\"e-con-inner\">\n\t\t\t\t<div class=\"elementor-element elementor-element-7acc410 elementor-widget__width-initial elementor-widget elementor-widget-image\" data-id=\"7acc410\" data-element_type=\"widget\" data-widget_type=\"image.default\">\n\t\t\t\t<div class=\"elementor-widget-container\">\n\t\t\t\t\t\t\t\t\t\t\t\t\t\t\t<img loading=\"lazy\" decoding=\"async\" width=\"596\" height=\"596\" src=\"https:\/\/heric2d.cies.iscte-iul.pt\/wp-content\/uploads\/2024\/03\/A_B.png\" class=\"attachment-medium_large size-medium_large wp-image-1812\" alt=\"\" srcset=\"https:\/\/heric2d.cies.iscte-iul.pt\/wp-content\/uploads\/2024\/03\/A_B.png 596w, https:\/\/heric2d.cies.iscte-iul.pt\/wp-content\/uploads\/2024\/03\/A_B-300x300.png 300w, https:\/\/heric2d.cies.iscte-iul.pt\/wp-content\/uploads\/2024\/03\/A_B-150x150.png 150w\" sizes=\"(max-width: 596px) 100vw, 596px\" \/>\t\t\t\t\t\t\t\t\t\t\t\t\t\t\t<\/div>\n\t\t\t\t<\/div>\n\t\t<div class=\"elementor-element elementor-element-feb2c4e e-flex e-con-boxed e-con e-child\" data-id=\"feb2c4e\" data-element_type=\"container\" data-settings=\"{&quot;content_width&quot;:&quot;boxed&quot;}\">\n\t\t\t\t\t<div class=\"e-con-inner\">\n\t\t\t\t<div class=\"elementor-element elementor-element-f38618e elementor-widget-mobile__width-initial elementor-widget elementor-widget-heading\" data-id=\"f38618e\" data-element_type=\"widget\" data-widget_type=\"heading.default\">\n\t\t\t\t<div class=\"elementor-widget-container\">\n\t\t\t<h2 class=\"elementor-heading-title elementor-size-default\">Ana Barros<\/h2>\t\t<\/div>\n\t\t\t\t<\/div>\n\t\t\t\t<div class=\"elementor-element elementor-element-72f5bcf elementor-widget elementor-widget-heading\" data-id=\"72f5bcf\" data-element_type=\"widget\" data-widget_type=\"heading.default\">\n\t\t\t\t<div class=\"elementor-widget-container\">\n\t\t\t<h2 class=\"elementor-heading-title elementor-size-default\">Team Member<\/h2>\t\t<\/div>\n\t\t\t\t<\/div>\n\t\t\t\t<div class=\"elementor-element elementor-element-1fd6073 elementor-widget elementor-widget-heading\" data-id=\"1fd6073\" data-element_type=\"widget\" data-widget_type=\"heading.default\">\n\t\t\t\t<div class=\"elementor-widget-container\">\n\t\t\t<h2 class=\"elementor-heading-title elementor-size-default\">Portuguese Society of Pneumology (SPP)<\/h2>\t\t<\/div>\n\t\t\t\t<\/div>\n\t\t\t\t<div class=\"elementor-element elementor-element-c4a5dd5 elementor-widget elementor-widget-heading\" data-id=\"c4a5dd5\" data-element_type=\"widget\" data-widget_type=\"heading.default\">\n\t\t\t\t<div class=\"elementor-widget-container\">\n\t\t\t<h2 class=\"elementor-heading-title elementor-size-default\"><a href=\"https:\/\/orcid.org\/0000-0001-9935-1246\" target=\"_blank\">https:\/\/orcid.org\/0000-0001-9935-1246<\/a><\/h2>\t\t<\/div>\n\t\t\t\t<\/div>\n\t\t\t\t<div class=\"elementor-element elementor-element-ec65466 elementor-widget elementor-widget-text-editor\" data-id=\"ec65466\" data-element_type=\"widget\" data-widget_type=\"text-editor.default\">\n\t\t\t\t<div class=\"elementor-widget-container\">\n\t\t\t\t\t\t\t<p>Ana Barros received her PhD degree in Teaching and Dissemination of Science with the dissertation: \"Health Communication: A New Model to Promote Cancer Prevention Campaigns at Schools\" in 2015 and a BSc in Biology from the Faculty of Sciences, University of Porto in 2009. Currently, she is a researcher at SPP - Sociedade Portuguesa de Pneumologia (Portuguese Pulmonology Society). Previously, she was a post-doc researcher at the communication of i3S, University of Porto, Portugal, working on the project Bridging the Cancer Communication Gap \u2013 an integrative approach to improve communication between patients and healthcare professionals in a cancer care unit, funded by FCT (Ref: SFRH\/BPD) (2016-2023) and a Post-Doctoral Research Associate in the College of Public Health at the University of Nebraska Medical Center in the area of health literacy and communication applied to cancer prevention.<\/p>\t\t\t\t\t\t<\/div>\n\t\t\t\t<\/div>\n\t\t\t\t\t<\/div>\n\t\t\t\t<\/div>\n\t\t\t\t\t<\/div>\n\t\t\t\t<\/div>\n\t\t<div class=\"elementor-element elementor-element-522f24b e-flex e-con-boxed e-con e-child\" data-id=\"522f24b\" data-element_type=\"container\" data-settings=\"{&quot;content_width&quot;:&quot;boxed&quot;}\">\n\t\t\t\t\t<div class=\"e-con-inner\">\n\t\t\t\t<div class=\"elementor-element elementor-element-806e9fb elementor-widget__width-initial elementor-widget elementor-widget-image\" data-id=\"806e9fb\" data-element_type=\"widget\" data-widget_type=\"image.default\">\n\t\t\t\t<div class=\"elementor-widget-container\">\n\t\t\t\t\t\t\t\t\t\t\t\t\t\t\t<img loading=\"lazy\" decoding=\"async\" width=\"596\" height=\"596\" src=\"https:\/\/heric2d.cies.iscte-iul.pt\/wp-content\/uploads\/2024\/03\/D_B.png\" class=\"attachment-medium_large size-medium_large wp-image-1819\" alt=\"\" srcset=\"https:\/\/heric2d.cies.iscte-iul.pt\/wp-content\/uploads\/2024\/03\/D_B.png 596w, https:\/\/heric2d.cies.iscte-iul.pt\/wp-content\/uploads\/2024\/03\/D_B-300x300.png 300w, https:\/\/heric2d.cies.iscte-iul.pt\/wp-content\/uploads\/2024\/03\/D_B-150x150.png 150w\" sizes=\"(max-width: 596px) 100vw, 596px\" \/>\t\t\t\t\t\t\t\t\t\t\t\t\t\t\t<\/div>\n\t\t\t\t<\/div>\n\t\t<div class=\"elementor-element elementor-element-1d559f9 e-flex e-con-boxed e-con e-child\" data-id=\"1d559f9\" data-element_type=\"container\" data-settings=\"{&quot;content_width&quot;:&quot;boxed&quot;}\">\n\t\t\t\t\t<div class=\"e-con-inner\">\n\t\t\t\t<div class=\"elementor-element elementor-element-89ddde2 elementor-widget-mobile__width-initial elementor-widget elementor-widget-heading\" data-id=\"89ddde2\" data-element_type=\"widget\" data-widget_type=\"heading.default\">\n\t\t\t\t<div class=\"elementor-widget-container\">\n\t\t\t<h2 class=\"elementor-heading-title elementor-size-default\">Daniel Brand\u00e3o<\/h2>\t\t<\/div>\n\t\t\t\t<\/div>\n\t\t\t\t<div class=\"elementor-element elementor-element-293c997 elementor-widget elementor-widget-heading\" data-id=\"293c997\" data-element_type=\"widget\" data-widget_type=\"heading.default\">\n\t\t\t\t<div class=\"elementor-widget-container\">\n\t\t\t<h2 class=\"elementor-heading-title elementor-size-default\">Team Member<\/h2>\t\t<\/div>\n\t\t\t\t<\/div>\n\t\t\t\t<div class=\"elementor-element elementor-element-b43fcc2 elementor-widget elementor-widget-heading\" data-id=\"b43fcc2\" data-element_type=\"widget\" data-widget_type=\"heading.default\">\n\t\t\t\t<div class=\"elementor-widget-container\">\n\t\t\t<h2 class=\"elementor-heading-title elementor-size-default\">Center for Communication and Society Studies (CECS)<\/h2>\t\t<\/div>\n\t\t\t\t<\/div>\n\t\t\t\t<div class=\"elementor-element elementor-element-bff1d44 elementor-widget elementor-widget-heading\" data-id=\"bff1d44\" data-element_type=\"widget\" data-widget_type=\"heading.default\">\n\t\t\t\t<div class=\"elementor-widget-container\">\n\t\t\t<h2 class=\"elementor-heading-title elementor-size-default\"><a href=\"https:\/\/orcid.org\/0000-0001-6331-0354\" target=\"_blank\">https:\/\/orcid.org\/0000-0001-6331-0354<\/a><\/h2>\t\t<\/div>\n\t\t\t\t<\/div>\n\t\t\t\t<div class=\"elementor-element elementor-element-55a3dab elementor-widget elementor-widget-text-editor\" data-id=\"55a3dab\" data-element_type=\"widget\" data-widget_type=\"text-editor.default\">\n\t\t\t\t<div class=\"elementor-widget-container\">\n\t\t\t\t\t\t\t<p>Daniel Brand\u00e3o holds a PhD in Digital Media, in the Domain of Audiovisual and Interactive Content Creation, at the University of Porto (2014). In the scope of his PhD he has developed the project Museum of Ransom (www.museudoresgate.org), a participatory website that collects videos made by citizens about the city's daily life, aiming at legitimizing their cultural heritage vocation. Afterwards, he co-created Citadocs, a collaborative mini-documentary project, born in Future Places Medialab for Citizenship. He is also the co-Principal Researcher of \"bYou\", a project funded by FCT that aims to study on children and young people\u00b4s experiences and expressions of the media through participatory methodologies. He also integrates the research teams of other two funded research projects, \"Audire\" and \"Echo\".<\/p>\t\t\t\t\t\t<\/div>\n\t\t\t\t<\/div>\n\t\t\t\t\t<\/div>\n\t\t\t\t<\/div>\n\t\t\t\t\t<\/div>\n\t\t\t\t<\/div>\n\t\t<div class=\"elementor-element elementor-element-83d7c3e e-flex e-con-boxed e-con e-child\" data-id=\"83d7c3e\" data-element_type=\"container\" data-settings=\"{&quot;content_width&quot;:&quot;boxed&quot;}\">\n\t\t\t\t\t<div class=\"e-con-inner\">\n\t\t\t\t<div class=\"elementor-element elementor-element-f09512b elementor-widget__width-initial elementor-widget elementor-widget-image\" data-id=\"f09512b\" data-element_type=\"widget\" data-widget_type=\"image.default\">\n\t\t\t\t<div class=\"elementor-widget-container\">\n\t\t\t\t\t\t\t\t\t\t\t\t\t\t\t<img loading=\"lazy\" decoding=\"async\" width=\"596\" height=\"596\" src=\"https:\/\/heric2d.cies.iscte-iul.pt\/wp-content\/uploads\/2024\/03\/B_F.png\" class=\"attachment-medium_large size-medium_large wp-image-1820\" alt=\"\" srcset=\"https:\/\/heric2d.cies.iscte-iul.pt\/wp-content\/uploads\/2024\/03\/B_F.png 596w, https:\/\/heric2d.cies.iscte-iul.pt\/wp-content\/uploads\/2024\/03\/B_F-300x300.png 300w, https:\/\/heric2d.cies.iscte-iul.pt\/wp-content\/uploads\/2024\/03\/B_F-150x150.png 150w\" sizes=\"(max-width: 596px) 100vw, 596px\" \/>\t\t\t\t\t\t\t\t\t\t\t\t\t\t\t<\/div>\n\t\t\t\t<\/div>\n\t\t<div class=\"elementor-element elementor-element-6c938c3 e-flex e-con-boxed e-con e-child\" data-id=\"6c938c3\" data-element_type=\"container\" data-settings=\"{&quot;content_width&quot;:&quot;boxed&quot;}\">\n\t\t\t\t\t<div class=\"e-con-inner\">\n\t\t\t\t<div class=\"elementor-element elementor-element-81c0063 elementor-widget-mobile__width-initial elementor-widget elementor-widget-heading\" data-id=\"81c0063\" data-element_type=\"widget\" data-widget_type=\"heading.default\">\n\t\t\t\t<div class=\"elementor-widget-container\">\n\t\t\t<h2 class=\"elementor-heading-title elementor-size-default\">Branco Di F\u00e1tima<\/h2>\t\t<\/div>\n\t\t\t\t<\/div>\n\t\t\t\t<div class=\"elementor-element elementor-element-523d6d7 elementor-widget elementor-widget-heading\" data-id=\"523d6d7\" data-element_type=\"widget\" data-widget_type=\"heading.default\">\n\t\t\t\t<div class=\"elementor-widget-container\">\n\t\t\t<h2 class=\"elementor-heading-title elementor-size-default\">Team Member<\/h2>\t\t<\/div>\n\t\t\t\t<\/div>\n\t\t\t\t<div class=\"elementor-element elementor-element-1204038 elementor-widget elementor-widget-heading\" data-id=\"1204038\" data-element_type=\"widget\" data-widget_type=\"heading.default\">\n\t\t\t\t<div class=\"elementor-widget-container\">\n\t\t\t<h2 class=\"elementor-heading-title elementor-size-default\">LabCom - UBI<\/h2>\t\t<\/div>\n\t\t\t\t<\/div>\n\t\t\t\t<div class=\"elementor-element elementor-element-c440e70 elementor-widget elementor-widget-heading\" data-id=\"c440e70\" data-element_type=\"widget\" data-widget_type=\"heading.default\">\n\t\t\t\t<div class=\"elementor-widget-container\">\n\t\t\t<h2 class=\"elementor-heading-title elementor-size-default\"><a href=\"https:\/\/orcid.org\/0000-0001-6981-7228\" target=\"_blank\">https:\/\/orcid.org\/0000-0001-6981-7228<\/a><\/h2>\t\t<\/div>\n\t\t\t\t<\/div>\n\t\t\t\t<div class=\"elementor-element elementor-element-009f1da elementor-widget elementor-widget-text-editor\" data-id=\"009f1da\" data-element_type=\"widget\" data-widget_type=\"text-editor.default\">\n\t\t\t\t<div class=\"elementor-widget-container\">\n\t\t\t\t\t\t\t<p>He is a journalist and non-fiction writer. He has a PhD in Communication Sciences (Iscte) and is a contract researcher at LabCom - University of Beira Interior (UBI). He has contributed to more than 15 media outlets, such as Aventuras da Hist\u00f3ria, IA Not\u00edcias, HuffPost, UAI and Record.<\/p><p>He is the author of the reportage book Dias de Tormenta (2019), as well as the organizer of the collections Hate Speech on Social Media (2023), Internet - Comunica\u00e7\u00e3o em Rede (2013) and Outros Olhares (2008). He has published more than 60 scientific papers and has been part of project teams funded by national and international organizations.<\/p>\t\t\t\t\t\t<\/div>\n\t\t\t\t<\/div>\n\t\t\t\t\t<\/div>\n\t\t\t\t<\/div>\n\t\t\t\t\t<\/div>\n\t\t\t\t<\/div>\n\t\t<div class=\"elementor-element elementor-element-fb07bf8 e-flex e-con-boxed e-con e-child\" data-id=\"fb07bf8\" data-element_type=\"container\" data-settings=\"{&quot;content_width&quot;:&quot;boxed&quot;}\">\n\t\t\t\t\t<div class=\"e-con-inner\">\n\t\t\t\t<div class=\"elementor-element elementor-element-05f7ade elementor-widget__width-initial elementor-widget elementor-widget-image\" data-id=\"05f7ade\" data-element_type=\"widget\" data-widget_type=\"image.default\">\n\t\t\t\t<div class=\"elementor-widget-container\">\n\t\t\t\t\t\t\t\t\t\t\t\t\t\t\t<img loading=\"lazy\" decoding=\"async\" width=\"596\" height=\"596\" src=\"https:\/\/heric2d.cies.iscte-iul.pt\/wp-content\/uploads\/2024\/03\/F_G.png\" class=\"attachment-medium_large size-medium_large wp-image-1821\" alt=\"\" srcset=\"https:\/\/heric2d.cies.iscte-iul.pt\/wp-content\/uploads\/2024\/03\/F_G.png 596w, https:\/\/heric2d.cies.iscte-iul.pt\/wp-content\/uploads\/2024\/03\/F_G-300x300.png 300w, https:\/\/heric2d.cies.iscte-iul.pt\/wp-content\/uploads\/2024\/03\/F_G-150x150.png 150w\" sizes=\"(max-width: 596px) 100vw, 596px\" \/>\t\t\t\t\t\t\t\t\t\t\t\t\t\t\t<\/div>\n\t\t\t\t<\/div>\n\t\t<div class=\"elementor-element elementor-element-7280611 e-flex e-con-boxed e-con e-child\" data-id=\"7280611\" data-element_type=\"container\" data-settings=\"{&quot;content_width&quot;:&quot;boxed&quot;}\">\n\t\t\t\t\t<div class=\"e-con-inner\">\n\t\t\t\t<div class=\"elementor-element elementor-element-4fa5847 elementor-widget-mobile__width-initial elementor-widget elementor-widget-heading\" data-id=\"4fa5847\" data-element_type=\"widget\" data-widget_type=\"heading.default\">\n\t\t\t\t<div class=\"elementor-widget-container\">\n\t\t\t<h2 class=\"elementor-heading-title elementor-size-default\">Francisco Garcia<\/h2>\t\t<\/div>\n\t\t\t\t<\/div>\n\t\t\t\t<div class=\"elementor-element elementor-element-131d8e5 elementor-widget elementor-widget-heading\" data-id=\"131d8e5\" data-element_type=\"widget\" data-widget_type=\"heading.default\">\n\t\t\t\t<div class=\"elementor-widget-container\">\n\t\t\t<h2 class=\"elementor-heading-title elementor-size-default\">Team Member<\/h2>\t\t<\/div>\n\t\t\t\t<\/div>\n\t\t\t\t<div class=\"elementor-element elementor-element-6dff4e6 elementor-widget elementor-widget-heading\" data-id=\"6dff4e6\" data-element_type=\"widget\" data-widget_type=\"heading.default\">\n\t\t\t\t<div class=\"elementor-widget-container\">\n\t\t\t<h2 class=\"elementor-heading-title elementor-size-default\">CIES-Iscte<\/h2>\t\t<\/div>\n\t\t\t\t<\/div>\n\t\t\t\t<div class=\"elementor-element elementor-element-7caa5c0 elementor-widget elementor-widget-heading\" data-id=\"7caa5c0\" data-element_type=\"widget\" data-widget_type=\"heading.default\">\n\t\t\t\t<div class=\"elementor-widget-container\">\n\t\t\t<h2 class=\"elementor-heading-title elementor-size-default\"><a href=\"https:\/\/orcid.org\/0000-0002-9195-6627\" target=\"_blank\">https:\/\/orcid.org\/0000-0002-9195-6627<\/a><\/h2>\t\t<\/div>\n\t\t\t\t<\/div>\n\t\t\t\t<div class=\"elementor-element elementor-element-6c3decf elementor-widget elementor-widget-text-editor\" data-id=\"6c3decf\" data-element_type=\"widget\" data-widget_type=\"text-editor.default\">\n\t\t\t\t<div class=\"elementor-widget-container\">\n\t\t\t\t\t\t\t<p>Phd in Communication Science, Garcia conducted a study on Health Risk Communication addressed to Seniors within the scope of COVID-19 in the Municipality of Cascais (Portugal). Garcia\u2019s interest in the study of seniors and their relationship with technology goes back to the year of 2018, when he presented his master\u2019s thesis in Communication, Culture and Technologies of Information about New Media Literacy: Seniors and the Access to Portugal\u2019s Online Finance Portal. Besides the fields of interest mentioned above, the author intends on working in broader subjects such as: information literacy, health literacy, journalism, new media, and audiences.<\/p>\t\t\t\t\t\t<\/div>\n\t\t\t\t<\/div>\n\t\t\t\t\t<\/div>\n\t\t\t\t<\/div>\n\t\t\t\t\t<\/div>\n\t\t\t\t<\/div>\n\t\t<div class=\"elementor-element elementor-element-acf1d51 e-flex e-con-boxed e-con e-child\" data-id=\"acf1d51\" data-element_type=\"container\" data-settings=\"{&quot;content_width&quot;:&quot;boxed&quot;}\">\n\t\t\t\t\t<div class=\"e-con-inner\">\n\t\t\t\t<div class=\"elementor-element elementor-element-3870228 elementor-widget__width-initial elementor-widget elementor-widget-image\" data-id=\"3870228\" data-element_type=\"widget\" data-widget_type=\"image.default\">\n\t\t\t\t<div class=\"elementor-widget-container\">\n\t\t\t\t\t\t\t\t\t\t\t\t\t\t\t<img loading=\"lazy\" decoding=\"async\" width=\"596\" height=\"596\" src=\"https:\/\/heric2d.cies.iscte-iul.pt\/wp-content\/uploads\/2024\/04\/Duarte-Brito.png\" class=\"attachment-medium_large size-medium_large wp-image-2139\" alt=\"\" srcset=\"https:\/\/heric2d.cies.iscte-iul.pt\/wp-content\/uploads\/2024\/04\/Duarte-Brito.png 596w, https:\/\/heric2d.cies.iscte-iul.pt\/wp-content\/uploads\/2024\/04\/Duarte-Brito-300x300.png 300w, https:\/\/heric2d.cies.iscte-iul.pt\/wp-content\/uploads\/2024\/04\/Duarte-Brito-150x150.png 150w, https:\/\/heric2d.cies.iscte-iul.pt\/wp-content\/uploads\/2024\/04\/Duarte-Brito-12x12.png 12w\" sizes=\"(max-width: 596px) 100vw, 596px\" \/>\t\t\t\t\t\t\t\t\t\t\t\t\t\t\t<\/div>\n\t\t\t\t<\/div>\n\t\t<div class=\"elementor-element elementor-element-90e8820 e-flex e-con-boxed e-con e-child\" data-id=\"90e8820\" data-element_type=\"container\" data-settings=\"{&quot;content_width&quot;:&quot;boxed&quot;}\">\n\t\t\t\t\t<div class=\"e-con-inner\">\n\t\t\t\t<div class=\"elementor-element elementor-element-75e039b elementor-widget-mobile__width-initial elementor-widget elementor-widget-heading\" data-id=\"75e039b\" data-element_type=\"widget\" data-widget_type=\"heading.default\">\n\t\t\t\t<div class=\"elementor-widget-container\">\n\t\t\t<h2 class=\"elementor-heading-title elementor-size-default\">Duarte Vital Brito<\/h2>\t\t<\/div>\n\t\t\t\t<\/div>\n\t\t\t\t<div class=\"elementor-element elementor-element-c9daf65 elementor-widget elementor-widget-heading\" data-id=\"c9daf65\" data-element_type=\"widget\" data-widget_type=\"heading.default\">\n\t\t\t\t<div class=\"elementor-widget-container\">\n\t\t\t<h2 class=\"elementor-heading-title elementor-size-default\">Project Consultant<\/h2>\t\t<\/div>\n\t\t\t\t<\/div>\n\t\t\t\t<div class=\"elementor-element elementor-element-a7ff4e3 elementor-widget elementor-widget-heading\" data-id=\"a7ff4e3\" data-element_type=\"widget\" data-widget_type=\"heading.default\">\n\t\t\t\t<div class=\"elementor-widget-container\">\n\t\t\t<h2 class=\"elementor-heading-title elementor-size-default\">Public Health Doctor<\/h2>\t\t<\/div>\n\t\t\t\t<\/div>\n\t\t\t\t<div class=\"elementor-element elementor-element-c19c535 elementor-widget elementor-widget-heading\" data-id=\"c19c535\" data-element_type=\"widget\" data-widget_type=\"heading.default\">\n\t\t\t\t<div class=\"elementor-widget-container\">\n\t\t\t<h2 class=\"elementor-heading-title elementor-size-default\"><a href=\"https:\/\/orcid.org\/0000-0003-2289-3877\" target=\"_blank\">https:\/\/orcid.org\/0000-0003-2289-3877<\/a><\/h2>\t\t<\/div>\n\t\t\t\t<\/div>\n\t\t\t\t<div class=\"elementor-element elementor-element-5cd5cb9 elementor-widget elementor-widget-text-editor\" data-id=\"5cd5cb9\" data-element_type=\"widget\" data-widget_type=\"text-editor.default\">\n\t\t\t\t<div class=\"elementor-widget-container\">\n\t\t\t\t\t\t\t<p>Doctor specializing in public health, since 2024, at the Am\u00e9lia Leit\u00e3o Public Health Unit, ULS Lisboa Ocidental. He develops various activities that integrate health planning, communication in health services and communication for behavioral change in the population. He is a trainer and consultant in health communication, data visualization and infodemic management, teaching classes on these topics at various universities. He is the founder of Academia de Comunica\u00e7\u00e3o em Sa\u00fade, a brand dedicated to training in health communication. He has a master's degree in Public Health and Development (Instituto de Higiene e Medicina Tropical - Universidade Nova de Lisboa), a postgraduate degree in Data Visualization (ISCTE-IUL and Faculdade de Belas-Artes da Universidade de Lisboa) and a postgraduate degree in Public Health Communication (Faculdade de Ci\u00eancias Humanas - Universidade Cat\u00f3lica de Lisboa). He is the author of several book chapters and articles in the field of health communication.<\/p>\t\t\t\t\t\t<\/div>\n\t\t\t\t<\/div>\n\t\t\t\t\t<\/div>\n\t\t\t\t<\/div>\n\t\t\t\t\t<\/div>\n\t\t\t\t<\/div>\n\t\t<div class=\"elementor-element elementor-element-9c712f7 e-flex e-con-boxed e-con e-child\" data-id=\"9c712f7\" data-element_type=\"container\" data-settings=\"{&quot;content_width&quot;:&quot;boxed&quot;}\">\n\t\t\t\t\t<div class=\"e-con-inner\">\n\t\t\t\t<div class=\"elementor-element elementor-element-aa97fa3 elementor-widget__width-initial elementor-widget elementor-widget-image\" data-id=\"aa97fa3\" data-element_type=\"widget\" data-widget_type=\"image.default\">\n\t\t\t\t<div class=\"elementor-widget-container\">\n\t\t\t\t\t\t\t\t\t\t\t\t\t\t\t<img loading=\"lazy\" decoding=\"async\" width=\"596\" height=\"597\" src=\"https:\/\/heric2d.cies.iscte-iul.pt\/wp-content\/uploads\/2024\/04\/Group-5.png\" class=\"attachment-medium_large size-medium_large wp-image-1946\" alt=\"\" srcset=\"https:\/\/heric2d.cies.iscte-iul.pt\/wp-content\/uploads\/2024\/04\/Group-5.png 596w, https:\/\/heric2d.cies.iscte-iul.pt\/wp-content\/uploads\/2024\/04\/Group-5-300x300.png 300w, https:\/\/heric2d.cies.iscte-iul.pt\/wp-content\/uploads\/2024\/04\/Group-5-150x150.png 150w, https:\/\/heric2d.cies.iscte-iul.pt\/wp-content\/uploads\/2024\/04\/Group-5-12x12.png 12w\" sizes=\"(max-width: 596px) 100vw, 596px\" \/>\t\t\t\t\t\t\t\t\t\t\t\t\t\t\t<\/div>\n\t\t\t\t<\/div>\n\t\t<div class=\"elementor-element elementor-element-0a5d907 e-flex e-con-boxed e-con e-child\" data-id=\"0a5d907\" data-element_type=\"container\" data-settings=\"{&quot;content_width&quot;:&quot;boxed&quot;}\">\n\t\t\t\t\t<div class=\"e-con-inner\">\n\t\t\t\t<div class=\"elementor-element elementor-element-ead1949 elementor-widget-mobile__width-initial elementor-widget elementor-widget-heading\" data-id=\"ead1949\" data-element_type=\"widget\" data-widget_type=\"heading.default\">\n\t\t\t\t<div class=\"elementor-widget-container\">\n\t\t\t<h2 class=\"elementor-heading-title elementor-size-default\">Karel van der Waarde<\/h2>\t\t<\/div>\n\t\t\t\t<\/div>\n\t\t\t\t<div class=\"elementor-element elementor-element-b03052a elementor-widget elementor-widget-heading\" data-id=\"b03052a\" data-element_type=\"widget\" data-widget_type=\"heading.default\">\n\t\t\t\t<div class=\"elementor-widget-container\">\n\t\t\t<h2 class=\"elementor-heading-title elementor-size-default\">Project Consultant<\/h2>\t\t<\/div>\n\t\t\t\t<\/div>\n\t\t\t\t<div class=\"elementor-element elementor-element-b78433d elementor-widget elementor-widget-heading\" data-id=\"b78433d\" data-element_type=\"widget\" data-widget_type=\"heading.default\">\n\t\t\t\t<div class=\"elementor-widget-container\">\n\t\t\t<h2 class=\"elementor-heading-title elementor-size-default\">Graphic Design Teacher<\/h2>\t\t<\/div>\n\t\t\t\t<\/div>\n\t\t\t\t<div class=\"elementor-element elementor-element-440dbc8 elementor-widget elementor-widget-text-editor\" data-id=\"440dbc8\" data-element_type=\"widget\" data-widget_type=\"text-editor.default\">\n\t\t\t\t<div class=\"elementor-widget-container\">\n\t\t\t\t\t\t\t<p>Karel van der Waarde studied graphic design in the Netherlands and the United Kingdom. He started a design - research consultancy in Belgium in 1995 specializing in the testing of pharmaceutical information. (www.graphicdesignresearch.com). He publishes and lectures about visual information. He is a life-fellow of the Communications Research Institute (Melbourne), a board member of International Institute for Information Design (Vienna) and editorial board member of several journals.<\/p>\t\t\t\t\t\t<\/div>\n\t\t\t\t<\/div>\n\t\t\t\t\t<\/div>\n\t\t\t\t<\/div>\n\t\t\t\t\t<\/div>\n\t\t\t\t<\/div>\n\t\t<div class=\"elementor-element elementor-element-4e20d22 e-flex e-con-boxed e-con e-child\" data-id=\"4e20d22\" data-element_type=\"container\" data-settings=\"{&quot;content_width&quot;:&quot;boxed&quot;}\">\n\t\t\t\t\t<div class=\"e-con-inner\">\n\t\t\t\t<div class=\"elementor-element elementor-element-2bcb98d elementor-widget__width-initial elementor-widget elementor-widget-image\" data-id=\"2bcb98d\" data-element_type=\"widget\" data-widget_type=\"image.default\">\n\t\t\t\t<div class=\"elementor-widget-container\">\n\t\t\t\t\t\t\t\t\t\t\t\t\t\t\t<img loading=\"lazy\" decoding=\"async\" width=\"596\" height=\"596\" src=\"https:\/\/heric2d.cies.iscte-iul.pt\/wp-content\/uploads\/2024\/03\/A_P.png\" class=\"attachment-medium_large size-medium_large wp-image-1822\" alt=\"\" srcset=\"https:\/\/heric2d.cies.iscte-iul.pt\/wp-content\/uploads\/2024\/03\/A_P.png 596w, https:\/\/heric2d.cies.iscte-iul.pt\/wp-content\/uploads\/2024\/03\/A_P-300x300.png 300w, https:\/\/heric2d.cies.iscte-iul.pt\/wp-content\/uploads\/2024\/03\/A_P-150x150.png 150w\" sizes=\"(max-width: 596px) 100vw, 596px\" \/>\t\t\t\t\t\t\t\t\t\t\t\t\t\t\t<\/div>\n\t\t\t\t<\/div>\n\t\t<div class=\"elementor-element elementor-element-2ad2509 e-flex e-con-boxed e-con e-child\" data-id=\"2ad2509\" data-element_type=\"container\" data-settings=\"{&quot;content_width&quot;:&quot;boxed&quot;}\">\n\t\t\t\t\t<div class=\"e-con-inner\">\n\t\t\t\t<div class=\"elementor-element elementor-element-b1d1716 elementor-widget-mobile__width-initial elementor-widget elementor-widget-heading\" data-id=\"b1d1716\" data-element_type=\"widget\" data-widget_type=\"heading.default\">\n\t\t\t\t<div class=\"elementor-widget-container\">\n\t\t\t<h2 class=\"elementor-heading-title elementor-size-default\">Ana Pereira<\/h2>\t\t<\/div>\n\t\t\t\t<\/div>\n\t\t\t\t<div class=\"elementor-element elementor-element-7e5b47c elementor-widget elementor-widget-heading\" data-id=\"7e5b47c\" data-element_type=\"widget\" data-widget_type=\"heading.default\">\n\t\t\t\t<div class=\"elementor-widget-container\">\n\t\t\t<h2 class=\"elementor-heading-title elementor-size-default\">Collaborator<\/h2>\t\t<\/div>\n\t\t\t\t<\/div>\n\t\t\t\t<div class=\"elementor-element elementor-element-22c6b7d elementor-widget elementor-widget-heading\" data-id=\"22c6b7d\" data-element_type=\"widget\" data-widget_type=\"heading.default\">\n\t\t\t\t<div class=\"elementor-widget-container\">\n\t\t\t<h2 class=\"elementor-heading-title elementor-size-default\">IPCA Student<\/h2>\t\t<\/div>\n\t\t\t\t<\/div>\n\t\t\t\t<div class=\"elementor-element elementor-element-5d27900 elementor-widget elementor-widget-text-editor\" data-id=\"5d27900\" data-element_type=\"widget\" data-widget_type=\"text-editor.default\">\n\t\t\t\t<div class=\"elementor-widget-container\">\n\t\t\t\t\t\t\t<p>Master's student in Digital Design at the Polytechnic Institute of C\u00e1vado and Ave (IPCA). Graduated in Design from the University of Aveiro (2022).<\/p>\t\t\t\t\t\t<\/div>\n\t\t\t\t<\/div>\n\t\t\t\t\t<\/div>\n\t\t\t\t<\/div>\n\t\t\t\t\t<\/div>\n\t\t\t\t<\/div>\n\t\t<div class=\"elementor-element elementor-element-64d0a5e e-flex e-con-boxed e-con e-child\" data-id=\"64d0a5e\" data-element_type=\"container\" data-settings=\"{&quot;content_width&quot;:&quot;boxed&quot;}\">\n\t\t\t\t\t<div class=\"e-con-inner\">\n\t\t\t\t<div class=\"elementor-element elementor-element-df4e6f1 elementor-widget__width-initial elementor-widget elementor-widget-image\" data-id=\"df4e6f1\" data-element_type=\"widget\" data-widget_type=\"image.default\">\n\t\t\t\t<div class=\"elementor-widget-container\">\n\t\t\t\t\t\t\t\t\t\t\t\t\t\t\t<img loading=\"lazy\" decoding=\"async\" width=\"596\" height=\"596\" src=\"https:\/\/heric2d.cies.iscte-iul.pt\/wp-content\/uploads\/2024\/03\/I_C.png\" class=\"attachment-medium_large size-medium_large wp-image-1823\" alt=\"\" srcset=\"https:\/\/heric2d.cies.iscte-iul.pt\/wp-content\/uploads\/2024\/03\/I_C.png 596w, https:\/\/heric2d.cies.iscte-iul.pt\/wp-content\/uploads\/2024\/03\/I_C-300x300.png 300w, https:\/\/heric2d.cies.iscte-iul.pt\/wp-content\/uploads\/2024\/03\/I_C-150x150.png 150w\" sizes=\"(max-width: 596px) 100vw, 596px\" \/>\t\t\t\t\t\t\t\t\t\t\t\t\t\t\t<\/div>\n\t\t\t\t<\/div>\n\t\t<div class=\"elementor-element elementor-element-6ff947a e-flex e-con-boxed e-con e-child\" data-id=\"6ff947a\" data-element_type=\"container\" data-settings=\"{&quot;content_width&quot;:&quot;boxed&quot;}\">\n\t\t\t\t\t<div class=\"e-con-inner\">\n\t\t\t\t<div class=\"elementor-element elementor-element-49d5a9f elementor-widget-mobile__width-initial elementor-widget elementor-widget-heading\" data-id=\"49d5a9f\" data-element_type=\"widget\" data-widget_type=\"heading.default\">\n\t\t\t\t<div class=\"elementor-widget-container\">\n\t\t\t<h2 class=\"elementor-heading-title elementor-size-default\">In\u00eas Costa<\/h2>\t\t<\/div>\n\t\t\t\t<\/div>\n\t\t\t\t<div class=\"elementor-element elementor-element-0364564 elementor-widget elementor-widget-heading\" data-id=\"0364564\" data-element_type=\"widget\" data-widget_type=\"heading.default\">\n\t\t\t\t<div class=\"elementor-widget-container\">\n\t\t\t<h2 class=\"elementor-heading-title elementor-size-default\">Collaborator<\/h2>\t\t<\/div>\n\t\t\t\t<\/div>\n\t\t\t\t<div class=\"elementor-element elementor-element-5f7b5a2 elementor-widget elementor-widget-heading\" data-id=\"5f7b5a2\" data-element_type=\"widget\" data-widget_type=\"heading.default\">\n\t\t\t\t<div class=\"elementor-widget-container\">\n\t\t\t<h2 class=\"elementor-heading-title elementor-size-default\">IPCA Student<\/h2>\t\t<\/div>\n\t\t\t\t<\/div>\n\t\t\t\t<div class=\"elementor-element elementor-element-04c6bcb elementor-widget elementor-widget-text-editor\" data-id=\"04c6bcb\" data-element_type=\"widget\" data-widget_type=\"text-editor.default\">\n\t\t\t\t<div class=\"elementor-widget-container\">\n\t\t\t\t\t\t\t<p>Master's student in Digital Design at the Polytechnic Institute of C\u00e1vado and Ave (IPCA). Graduated in New Communication Technologies from the University of Aveiro (2022).<\/p>\t\t\t\t\t\t<\/div>\n\t\t\t\t<\/div>\n\t\t\t\t\t<\/div>\n\t\t\t\t<\/div>\n\t\t\t\t\t<\/div>\n\t\t\t\t<\/div>\n\t\t<div class=\"elementor-element elementor-element-1fd5091 e-flex e-con-boxed e-con e-child\" data-id=\"1fd5091\" data-element_type=\"container\" data-settings=\"{&quot;content_width&quot;:&quot;boxed&quot;}\">\n\t\t\t\t\t<div class=\"e-con-inner\">\n\t\t\t\t<div class=\"elementor-element elementor-element-fdf8c42 elementor-widget__width-initial elementor-widget elementor-widget-image\" data-id=\"fdf8c42\" data-element_type=\"widget\" data-widget_type=\"image.default\">\n\t\t\t\t<div class=\"elementor-widget-container\">\n\t\t\t\t\t\t\t\t\t\t\t\t\t\t\t<img loading=\"lazy\" decoding=\"async\" width=\"596\" height=\"596\" src=\"https:\/\/heric2d.cies.iscte-iul.pt\/wp-content\/uploads\/2024\/03\/I_F.png\" class=\"attachment-medium_large size-medium_large wp-image-1824\" alt=\"\" srcset=\"https:\/\/heric2d.cies.iscte-iul.pt\/wp-content\/uploads\/2024\/03\/I_F.png 596w, https:\/\/heric2d.cies.iscte-iul.pt\/wp-content\/uploads\/2024\/03\/I_F-300x300.png 300w, https:\/\/heric2d.cies.iscte-iul.pt\/wp-content\/uploads\/2024\/03\/I_F-150x150.png 150w\" sizes=\"(max-width: 596px) 100vw, 596px\" \/>\t\t\t\t\t\t\t\t\t\t\t\t\t\t\t<\/div>\n\t\t\t\t<\/div>\n\t\t<div class=\"elementor-element elementor-element-057b856 e-flex e-con-boxed e-con e-child\" data-id=\"057b856\" data-element_type=\"container\" data-settings=\"{&quot;content_width&quot;:&quot;boxed&quot;}\">\n\t\t\t\t\t<div class=\"e-con-inner\">\n\t\t\t\t<div class=\"elementor-element elementor-element-683d4f2 elementor-widget-mobile__width-initial elementor-widget elementor-widget-heading\" data-id=\"683d4f2\" data-element_type=\"widget\" data-widget_type=\"heading.default\">\n\t\t\t\t<div class=\"elementor-widget-container\">\n\t\t\t<h2 class=\"elementor-heading-title elementor-size-default\">In\u00eas Freitas<\/h2>\t\t<\/div>\n\t\t\t\t<\/div>\n\t\t\t\t<div class=\"elementor-element elementor-element-73ad063 elementor-widget elementor-widget-heading\" data-id=\"73ad063\" data-element_type=\"widget\" data-widget_type=\"heading.default\">\n\t\t\t\t<div class=\"elementor-widget-container\">\n\t\t\t<h2 class=\"elementor-heading-title elementor-size-default\">Collaborator<\/h2>\t\t<\/div>\n\t\t\t\t<\/div>\n\t\t\t\t<div class=\"elementor-element elementor-element-642ddef elementor-widget elementor-widget-heading\" data-id=\"642ddef\" data-element_type=\"widget\" data-widget_type=\"heading.default\">\n\t\t\t\t<div class=\"elementor-widget-container\">\n\t\t\t<h2 class=\"elementor-heading-title elementor-size-default\">IPCA Student<\/h2>\t\t<\/div>\n\t\t\t\t<\/div>\n\t\t\t\t<div class=\"elementor-element elementor-element-743e4ec elementor-widget elementor-widget-text-editor\" data-id=\"743e4ec\" data-element_type=\"widget\" data-widget_type=\"text-editor.default\">\n\t\t\t\t<div class=\"elementor-widget-container\">\n\t\t\t\t\t\t\t<p>Master's student in Digital Design at the Polytechnic Institute of C\u00e1vado and Ave (IPCA). Graduated in Communication Sciences from the University of Minho (2021).<\/p>\t\t\t\t\t\t<\/div>\n\t\t\t\t<\/div>\n\t\t\t\t\t<\/div>\n\t\t\t\t<\/div>\n\t\t\t\t\t<\/div>\n\t\t\t\t<\/div>\n\t\t<div class=\"elementor-element elementor-element-e7489e7 e-flex e-con-boxed e-con e-child\" data-id=\"e7489e7\" data-element_type=\"container\" data-settings=\"{&quot;content_width&quot;:&quot;boxed&quot;}\">\n\t\t\t\t\t<div class=\"e-con-inner\">\n\t\t\t\t<div class=\"elementor-element elementor-element-b579b35 elementor-widget__width-initial elementor-widget elementor-widget-image\" data-id=\"b579b35\" data-element_type=\"widget\" data-widget_type=\"image.default\">\n\t\t\t\t<div class=\"elementor-widget-container\">\n\t\t\t\t\t\t\t\t\t\t\t\t\t\t\t<img loading=\"lazy\" decoding=\"async\" width=\"596\" height=\"596\" src=\"https:\/\/heric2d.cies.iscte-iul.pt\/wp-content\/uploads\/2025\/01\/Ines-Cortez.png\" class=\"attachment-medium_large size-medium_large wp-image-2516\" alt=\"\" srcset=\"https:\/\/heric2d.cies.iscte-iul.pt\/wp-content\/uploads\/2025\/01\/Ines-Cortez.png 596w, https:\/\/heric2d.cies.iscte-iul.pt\/wp-content\/uploads\/2025\/01\/Ines-Cortez-300x300.png 300w, https:\/\/heric2d.cies.iscte-iul.pt\/wp-content\/uploads\/2025\/01\/Ines-Cortez-150x150.png 150w, https:\/\/heric2d.cies.iscte-iul.pt\/wp-content\/uploads\/2025\/01\/Ines-Cortez-12x12.png 12w\" sizes=\"(max-width: 596px) 100vw, 596px\" \/>\t\t\t\t\t\t\t\t\t\t\t\t\t\t\t<\/div>\n\t\t\t\t<\/div>\n\t\t<div class=\"elementor-element elementor-element-23c3da6 e-flex e-con-boxed e-con e-child\" data-id=\"23c3da6\" data-element_type=\"container\" data-settings=\"{&quot;content_width&quot;:&quot;boxed&quot;}\">\n\t\t\t\t\t<div class=\"e-con-inner\">\n\t\t\t\t<div class=\"elementor-element elementor-element-76384cd elementor-widget-mobile__width-initial elementor-widget elementor-widget-heading\" data-id=\"76384cd\" data-element_type=\"widget\" data-widget_type=\"heading.default\">\n\t\t\t\t<div class=\"elementor-widget-container\">\n\t\t\t<h2 class=\"elementor-heading-title elementor-size-default\">In\u00eas Cortez<\/h2>\t\t<\/div>\n\t\t\t\t<\/div>\n\t\t\t\t<div class=\"elementor-element elementor-element-43be4eb elementor-widget elementor-widget-heading\" data-id=\"43be4eb\" data-element_type=\"widget\" data-widget_type=\"heading.default\">\n\t\t\t\t<div class=\"elementor-widget-container\">\n\t\t\t<h2 class=\"elementor-heading-title elementor-size-default\">Collaborator<\/h2>\t\t<\/div>\n\t\t\t\t<\/div>\n\t\t\t\t<div class=\"elementor-element elementor-element-742f0bd elementor-widget elementor-widget-heading\" data-id=\"742f0bd\" data-element_type=\"widget\" data-widget_type=\"heading.default\">\n\t\t\t\t<div class=\"elementor-widget-container\">\n\t\t\t<h2 class=\"elementor-heading-title elementor-size-default\">Estudante Universidade do Minho<\/h2>\t\t<\/div>\n\t\t\t\t<\/div>\n\t\t\t\t<div class=\"elementor-element elementor-element-e69846a elementor-widget elementor-widget-text-editor\" data-id=\"e69846a\" data-element_type=\"widget\" data-widget_type=\"text-editor.default\">\n\t\t\t\t<div class=\"elementor-widget-container\">\n\t\t\t\t\t\t\t<p>Mestranda no Curso de Ci\u00eancias da Comunica\u00e7\u00e3o, na \u00e1rea de Audiovisual e Multim\u00e9dia, na Universidade do Minho. Licenciada em Ci\u00eancias da Comunica\u00e7\u00e3o na Universidade do Minho (2022).<\/p>\t\t\t\t\t\t<\/div>\n\t\t\t\t<\/div>\n\t\t\t\t\t<\/div>\n\t\t\t\t<\/div>\n\t\t\t\t\t<\/div>\n\t\t\t\t<\/div>\n\t\t<div class=\"elementor-element elementor-element-9c1cc4e e-flex e-con-boxed e-con e-child\" data-id=\"9c1cc4e\" data-element_type=\"container\" data-settings=\"{&quot;content_width&quot;:&quot;boxed&quot;}\">\n\t\t\t\t\t<div class=\"e-con-inner\">\n\t\t\t\t<div class=\"elementor-element elementor-element-42df8a3 elementor-widget__width-initial elementor-widget elementor-widget-image\" data-id=\"42df8a3\" data-element_type=\"widget\" data-widget_type=\"image.default\">\n\t\t\t\t<div class=\"elementor-widget-container\">\n\t\t\t\t\t\t\t\t\t\t\t\t\t\t\t<img loading=\"lazy\" decoding=\"async\" width=\"596\" height=\"596\" src=\"https:\/\/heric2d.cies.iscte-iul.pt\/wp-content\/uploads\/2024\/04\/Francisca-Abreu.png\" class=\"attachment-medium_large size-medium_large wp-image-1970\" alt=\"\" srcset=\"https:\/\/heric2d.cies.iscte-iul.pt\/wp-content\/uploads\/2024\/04\/Francisca-Abreu.png 596w, https:\/\/heric2d.cies.iscte-iul.pt\/wp-content\/uploads\/2024\/04\/Francisca-Abreu-300x300.png 300w, https:\/\/heric2d.cies.iscte-iul.pt\/wp-content\/uploads\/2024\/04\/Francisca-Abreu-150x150.png 150w, https:\/\/heric2d.cies.iscte-iul.pt\/wp-content\/uploads\/2024\/04\/Francisca-Abreu-12x12.png 12w\" sizes=\"(max-width: 596px) 100vw, 596px\" \/>\t\t\t\t\t\t\t\t\t\t\t\t\t\t\t<\/div>\n\t\t\t\t<\/div>\n\t\t<div class=\"elementor-element elementor-element-eb80b66 e-flex e-con-boxed e-con e-child\" data-id=\"eb80b66\" data-element_type=\"container\" data-settings=\"{&quot;content_width&quot;:&quot;boxed&quot;}\">\n\t\t\t\t\t<div class=\"e-con-inner\">\n\t\t\t\t<div class=\"elementor-element elementor-element-b5433e3 elementor-widget-mobile__width-initial elementor-widget elementor-widget-heading\" data-id=\"b5433e3\" data-element_type=\"widget\" data-widget_type=\"heading.default\">\n\t\t\t\t<div class=\"elementor-widget-container\">\n\t\t\t<h2 class=\"elementor-heading-title elementor-size-default\">Francisca Abreu<\/h2>\t\t<\/div>\n\t\t\t\t<\/div>\n\t\t\t\t<div class=\"elementor-element elementor-element-6b6d066 elementor-widget elementor-widget-heading\" data-id=\"6b6d066\" data-element_type=\"widget\" data-widget_type=\"heading.default\">\n\t\t\t\t<div class=\"elementor-widget-container\">\n\t\t\t<h2 class=\"elementor-heading-title elementor-size-default\">Collaborator<\/h2>\t\t<\/div>\n\t\t\t\t<\/div>\n\t\t\t\t<div class=\"elementor-element elementor-element-077217b elementor-widget elementor-widget-heading\" data-id=\"077217b\" data-element_type=\"widget\" data-widget_type=\"heading.default\">\n\t\t\t\t<div class=\"elementor-widget-container\">\n\t\t\t<h2 class=\"elementor-heading-title elementor-size-default\">Iscte-iul Student<\/h2>\t\t<\/div>\n\t\t\t\t<\/div>\n\t\t\t\t<div class=\"elementor-element elementor-element-c512715 elementor-widget elementor-widget-text-editor\" data-id=\"c512715\" data-element_type=\"widget\" data-widget_type=\"text-editor.default\">\n\t\t\t\t<div class=\"elementor-widget-container\">\n\t\t\t\t\t\t\t<p>Francisca Abreu is currently studying for a Master's degree in Health Services Management and is working on a dissertation on Risk Communication in Public Health, more specifically on the Impact of risk communication in public health during the COVID-19 pandemic in Portugal, in the years 2020 and 2021 - Contributions to the management of public health entities. Francisca has always been interested in management, so she did her degree in Industrial Management and Logistics. Her interest in risk communication arose as part of a course in the first year of her master's degree. Her curiosity and preference for these topics culminated in the subject of her dissertation.<\/p>\t\t\t\t\t\t<\/div>\n\t\t\t\t<\/div>\n\t\t\t\t\t<\/div>\n\t\t\t\t<\/div>\n\t\t\t\t\t<\/div>\n\t\t\t\t<\/div>\n\t\t\t\t\t<\/div>\n\t\t\t\t<\/div>\n\t\t\t\t\t\t\t<\/div>","protected":false},"excerpt":{"rendered":"<p>HERIC 2D Comunica\u00e7\u00e3o de Risco em Sa\u00fade: Design e Comunica\u00e7\u00e3o digital das fontes oficiais de sa\u00fade p\u00fablica para a orienta\u00e7\u00e3o dos cidad\u00e3os em situa\u00e7\u00f5es pand\u00e9micas Este projeto \u00e9 financiado pela Funda\u00e7\u00e3o para a Ci\u00eancia e a Tecnologia (FCT) com a refer\u00eancia 2022.06008.PTDC. O Projeto Este projeto tem como principal objetivo melhorar a comunica\u00e7\u00e3o de Risco &hellip;<\/p>\n<p class=\"read-more\"> <a class=\"\" href=\"https:\/\/heric2d.cies.iscte-iul.pt\/eng\/\"> <span class=\"screen-reader-text\">Home<\/span> Read More &raquo;<\/a><\/p>","protected":false},"author":1,"featured_media":0,"parent":0,"menu_order":0,"comment_status":"closed","ping_status":"closed","template":"","meta":{"site-sidebar-layout":"no-sidebar","site-content-layout":"","ast-site-content-layout":"full-width-container","site-content-style":"default","site-sidebar-style":"default","ast-global-header-display":"","ast-banner-title-visibility":"","ast-main-header-display":"","ast-hfb-above-header-display":"","ast-hfb-below-header-display":"","ast-hfb-mobile-header-display":"","site-post-title":"disabled","ast-breadcrumbs-content":"","ast-featured-img":"disabled","footer-sml-layout":"","theme-transparent-header-meta":"","adv-header-id-meta":"","stick-header-meta":"","header-above-stick-meta":"","header-main-stick-meta":"","header-below-stick-meta":"","astra-migrate-meta-layouts":"","ast-page-background-enabled":"default","ast-page-background-meta":{"desktop":{"background-color":"var(--ast-global-color-4)","background-image":"","background-repeat":"repeat","background-position":"center center","background-size":"auto","background-attachment":"scroll","background-type":"","background-media":"","overlay-type":"","overlay-color":"","overlay-gradient":""},"tablet":{"background-color":"","background-image":"","background-repeat":"repeat","background-position":"center center","background-size":"auto","background-attachment":"scroll","background-type":"","background-media":"","overlay-type":"","overlay-color":"","overlay-gradient":""},"mobile":{"background-color":"","background-image":"","background-repeat":"repeat","background-position":"center center","background-size":"auto","background-attachment":"scroll","background-type":"","background-media":"","overlay-type":"","overlay-color":"","overlay-gradient":""}},"ast-content-background-meta":{"desktop":{"background-color":"var(--ast-global-color-5)","background-image":"","background-repeat":"repeat","background-position":"center center","background-size":"auto","background-attachment":"scroll","background-type":"","background-media":"","overlay-type":"","overlay-color":"","overlay-gradient":""},"tablet":{"background-color":"var(--ast-global-color-5)","background-image":"","background-repeat":"repeat","background-position":"center center","background-size":"auto","background-attachment":"scroll","background-type":"","background-media":"","overlay-type":"","overlay-color":"","overlay-gradient":""},"mobile":{"background-color":"var(--ast-global-color-5)","background-image":"","background-repeat":"repeat","background-position":"center center","background-size":"auto","background-attachment":"scroll","background-type":"","background-media":"","overlay-type":"","overlay-color":"","overlay-gradient":""}},"footnotes":""},"_links":{"self":[{"href":"https:\/\/heric2d.cies.iscte-iul.pt\/eng\/wp-json\/wp\/v2\/pages\/60"}],"collection":[{"href":"https:\/\/heric2d.cies.iscte-iul.pt\/eng\/wp-json\/wp\/v2\/pages"}],"about":[{"href":"https:\/\/heric2d.cies.iscte-iul.pt\/eng\/wp-json\/wp\/v2\/types\/page"}],"author":[{"embeddable":true,"href":"https:\/\/heric2d.cies.iscte-iul.pt\/eng\/wp-json\/wp\/v2\/users\/1"}],"replies":[{"embeddable":true,"href":"https:\/\/heric2d.cies.iscte-iul.pt\/eng\/wp-json\/wp\/v2\/comments?post=60"}],"version-history":[{"count":703,"href":"https:\/\/heric2d.cies.iscte-iul.pt\/eng\/wp-json\/wp\/v2\/pages\/60\/revisions"}],"predecessor-version":[{"id":2622,"href":"https:\/\/heric2d.cies.iscte-iul.pt\/eng\/wp-json\/wp\/v2\/pages\/60\/revisions\/2622"}],"wp:attachment":[{"href":"https:\/\/heric2d.cies.iscte-iul.pt\/eng\/wp-json\/wp\/v2\/media?parent=60"}],"curies":[{"name":"wp","href":"https:\/\/api.w.org\/{rel}","templated":true}]}}